{"id":279,"date":"2019-06-26T15:27:13","date_gmt":"2019-06-26T13:27:13","guid":{"rendered":"http:\/\/wp.berufskolleg-en.de\/?page_id=279"},"modified":"2026-03-04T10:51:15","modified_gmt":"2026-03-04T09:51:15","slug":"berufliches-gymnasium-freizeitsportleiter","status":"publish","type":"page","link":"https:\/\/berufskolleg-en.de\/?page_id=279","title":{"rendered":"Berufliches Gymnasium (Freizeitsportleiter)"},"content":{"rendered":"<section  class='av_textblock_section av-jysqhvd4-0ea64e4734f9426e27540259aec27d16 '   itemscope=\"itemscope\" itemtype=\"https:\/\/schema.org\/CreativeWork\" ><div class='avia_textblock'  itemprop=\"text\" ><h3>Allgemeine Hochschulreife (Freizeitsportleiterin \/ Freizeitsportleiter)<\/h3>\n<p>Als besonders geeignet f\u00fcr diesen Bildungsgang, der zur Allgemeinen Hochschulreife f\u00fchrt, erscheinen Sch\u00fclerinnen und Sch\u00fcler, denen Sport nicht nur selber Spa\u00df macht, sondern die auch in der Arbeit mit Gruppen Sport als sinnvolle Freizeitgestaltung vermitteln m\u00f6chten.<\/p>\n<p>T\u00e4tigkeit im \u00dcberblick: Freizeitsportleiter\/innen haben die Aufgabe, Freizeit- und Breitensportgruppen aufzubauen und zu trainieren. Sie planen und konzipieren verschiedene Aktivit\u00e4ten wie Gymnastik, Konditionstraining oder spezielle Angebote wie Klettern oder Skifahren unter Ber\u00fccksichtigung der jeweiligen Zielgruppen (zum Beispiel Kinder oder Jugendliche). Sie vermitteln dabei Fertigkeiten speziell in Freizeitsportarten, vorwiegend f\u00fcr unge\u00fcbte bzw. wenig trainierte Teilnehmer\/innen. Zum Teil erstellen sie individuelle Trainingspl\u00e4ne (zum Beispiel in Fitnesszentren) oder planen und leiten auch Wettk\u00e4mpfe und Turniere. F\u00fcr eine berufliche T\u00e4tigkeit als Freizeitsportleiter\/in kommen &#8211; neben gr\u00f6\u00dferen Sportvereinen \u2013 vor allem auch Sporthotels, Ferienzentren, der gesamte Bereich der Rehabilitation sowie soziale Einrichtungen infrage.<\/p>\n<\/div><\/section>\n\n<style type=\"text\/css\" data-created_by=\"avia_inline_auto\" id=\"style-css-av-jysqzau2-c141742892dbe8a75baf7f017de01e34\">\n#top #wrap_all .avia-icon-list-container.av-jysqzau2-c141742892dbe8a75baf7f017de01e34 .av_iconlist_title{\nfont-size:16px;\n}\n\n@media only screen and (max-width: 479px){ \n#top #wrap_all .avia-icon-list-container.av-jysqzau2-c141742892dbe8a75baf7f017de01e34 .av_iconlist_title{\nfont-size:13px;\n}\n}\n<\/style>\n<div  class='avia-icon-list-container av-jysqzau2-c141742892dbe8a75baf7f017de01e34  avia-builder-el-1  el_after_av_textblock  el_before_av_iconlist  av-mini-hide'><ul class='avia-icon-list avia_animate_when_almost_visible avia-icon-list-left av-iconlist-big av-jysqzau2-c141742892dbe8a75baf7f017de01e34 avia-iconlist-animate'>\n<li><div class='iconlist_icon av-f0eov-3fe6690655e2c95dd1d891e2bfdfd9e0 avia-font-entypo-fontello avia-iconfont avia-font-entypo-fontello'><span class='av-icon-char' data-av_icon='\ue8d1' data-av_iconfont='entypo-fontello' aria-hidden=\"true\"><\/span><\/div><article class=\"article-icon-entry \"  itemscope=\"itemscope\" itemtype=\"https:\/\/schema.org\/CreativeWork\" ><div class=\"iconlist_content_wrap\"><header class=\"entry-content-header\" aria-label=\"Icon: Aufnahmevoraussetzungen\"><h4 class='av_iconlist_title iconlist_title  '  itemprop=\"headline\" >Aufnahmevoraussetzungen<\/h4><\/header><div class='iconlist_content '  itemprop=\"text\" ><div style=\"margin-top: 10px;\">\n<ul>\n<li>Berechtigung zum Besuch der gymnasialen Oberstufe oder<\/li>\n<li>\u00dcbergang vom Gymnasium nach Versetzung in die Einf\u00fchrungsphase<\/li>\n<li>erweitertes polizeiliches F\u00fchrungszeugnis<\/li>\n<li>\u00e4rztliche Bescheinigung \u00fcber die f\u00fcr den Bildungsgang erforderliche Sporttauglichkeit<\/li>\n<li>Schwimmabzeichen Jugend Bronze<\/li>\n<li>Ein Wechsel nach Schuljahresbeginn in den Bildungsgang ist jeweils bis zu den Herbstferien im laufenden Schuljahr m\u00f6glich.<\/li>\n<\/ul>\n<\/div>\n<\/div><\/div><footer class=\"entry-footer\"><\/footer><\/article><div class=\"iconlist-timeline\"><\/div><\/li>\n<li><div class='iconlist_icon av-cqrnb-1b718fc56de4ecea34ac33cf183fb118 avia-font-entypo-fontello avia-iconfont avia-font-entypo-fontello'><span class='av-icon-char' data-av_icon='\ue8c9' data-av_iconfont='entypo-fontello' aria-hidden=\"true\"><\/span><\/div><article class=\"article-icon-entry \"  itemscope=\"itemscope\" itemtype=\"https:\/\/schema.org\/CreativeWork\" ><div class=\"iconlist_content_wrap\"><header class=\"entry-content-header\" aria-label=\"Icon: Abschlussm\u00f6glichkeiten\"><h4 class='av_iconlist_title iconlist_title  '  itemprop=\"headline\" >Abschlussm\u00f6glichkeiten<\/h4><\/header><div class='iconlist_content '  itemprop=\"text\" ><div style=\"margin-top: 10px;\">\n<ul>\n<li>Allgemeine Hochschulreife (Abitur)<\/li>\n<li>Pr\u00fcfung zur Freizeitsportleiterin\/zum Freizeitsportleiter<\/li>\n<li>ggf. \u00dcbungsleiterlizenz<\/li>\n<\/ul>\n<\/div>\n<\/div><\/div><footer class=\"entry-footer\"><\/footer><\/article><div class=\"iconlist-timeline\"><\/div><\/li>\n<li><div class='iconlist_icon av-1cesyf-3b65d2fe48ea641029302319b6bc620a avia-font-entypo-fontello avia-iconfont avia-font-entypo-fontello'><span class='av-icon-char' data-av_icon='\ue863' data-av_iconfont='entypo-fontello' aria-hidden=\"true\"><\/span><\/div><article class=\"article-icon-entry \"  itemscope=\"itemscope\" itemtype=\"https:\/\/schema.org\/CreativeWork\" ><div class=\"iconlist_content_wrap\"><header class=\"entry-content-header\" aria-label=\"Icon: Dauer\"><h4 class='av_iconlist_title iconlist_title  '  itemprop=\"headline\" >Dauer<\/h4><\/header><div class='iconlist_content '  itemprop=\"text\" ><p>drei Jahre mit integriertem vierw\u00f6chigem Praktikum<\/p>\n<\/div><\/div><footer class=\"entry-footer\"><\/footer><\/article><div class=\"iconlist-timeline\"><\/div><\/li>\n<li><div class='iconlist_icon av-ptaov-1bfabeaff3f919a98f19488543d05548 avia-font-entypo-fontello avia-iconfont avia-font-entypo-fontello'><span class='av-icon-char' data-av_icon='\ue84f' data-av_iconfont='entypo-fontello' aria-hidden=\"true\"><\/span><\/div><article class=\"article-icon-entry \"  itemscope=\"itemscope\" itemtype=\"https:\/\/schema.org\/CreativeWork\" ><div class=\"iconlist_content_wrap\"><header class=\"entry-content-header\" aria-label=\"Icon: Unterrichtsf\u00e4cher\"><h4 class='av_iconlist_title iconlist_title  '  itemprop=\"headline\" >Unterrichtsf\u00e4cher<\/h4><\/header><div class='iconlist_content '  itemprop=\"text\" ><div style=\"margin-top: 15px;\">\n<h6>Berufsbezogener Lernbereich<\/h6>\n<ul>\n<li>Sport (Leistungskurs)<\/li>\n<li>Biologie (Leistungskurs)<\/li>\n<li>Erziehungswissenschaften<\/li>\n<li>Didaktik und Methodik<\/li>\n<li>Mathematik<\/li>\n<li>Englisch<\/li>\n<li>Spanisch<\/li>\n<li>Erste Hilfe (11. Klasse)<\/li>\n<li>Ern\u00e4hrungslehre (12. Klasse)<\/li>\n<li>Sportmanagement (13. Klasse)<\/li>\n<\/ul>\n<\/div>\n<div style=\"margin-top: 10px;\">\n<h6>Berufs\u00fcbergreifender Lernbereich<\/h6>\n<ul>\n<li>Deutsch<\/li>\n<li>Gesellschaftslehre mit Geschichte<\/li>\n<li>Religionslehre<\/li>\n<\/ul>\n<\/div>\n<\/div><\/div><footer class=\"entry-footer\"><\/footer><\/article><div class=\"iconlist-timeline\"><\/div><\/li>\n<li><div class='iconlist_icon av-cpi4f-b59453b8b908a38b29ef97581f4c288c avia-font-entypo-fontello avia-iconfont avia-font-entypo-fontello'><span class='av-icon-char' data-av_icon='\ue84e' data-av_iconfont='entypo-fontello' aria-hidden=\"true\"><\/span><\/div><article class=\"article-icon-entry \"  itemscope=\"itemscope\" itemtype=\"https:\/\/schema.org\/CreativeWork\" ><div class=\"iconlist_content_wrap\"><header class=\"entry-content-header\" aria-label=\"Icon: Brosch\u00fcre\"><h4 class='av_iconlist_title iconlist_title  '  itemprop=\"headline\" >Brosch\u00fcre<\/h4><\/header><div class='iconlist_content '  itemprop=\"text\" ><p>\n<style type=\"text\/css\" data-created_by=\"avia_inline_auto\" id=\"style-css-av-ascxb-b4f581ddf8f0395aece39840f4e7be8c\">\n#top .hr.hr-invisible.av-ascxb-b4f581ddf8f0395aece39840f4e7be8c{\nheight:5px;\n}\n<\/style>\n<div  class='hr av-ascxb-b4f581ddf8f0395aece39840f4e7be8c hr-invisible  avia-builder-el-2  el_before_av_button  avia-builder-el-first '><span class='hr-inner '><span class=\"hr-inner-style\"><\/span><\/span><\/div><br \/>\n<a href=\"https:\/\/berufskolleg-en.de\/wp-content\/uploads\/2025\/09\/Flyer-D17-Berufliches-Gymnasium-fuer-Soziales-und-Gesundheit.pdf\" class=\"pdfemb-viewer\" style=\"\" data-width=\"max\" data-height=\"max\" data-toolbar=\"bottom\" data-toolbar-fixed=\"off\">Flyer D17 Berufliches Gymnasium f\u00fcr Soziales und Gesundheit<\/a><\/p>\n<p>Zum Bl\u00e4ttern auf die Brosch\u00fcre klicken. Sie k\u00f6nnen die Brosch\u00fcre auch <a href=\"https:\/\/berufskolleg-en.de\/wp-content\/uploads\/2025\/09\/Flyer-D17-Berufliches-Gymnasium-fuer-Soziales-und-Gesundheit.pdf\">hier<\/a> herunterladen.<\/p>\n<\/div><\/div><footer class=\"entry-footer\"><\/footer><\/article><div class=\"iconlist-timeline\"><\/div><\/li>\n<li><div class='iconlist_icon av-eqi7j-6a10105f63e244be6ed3cae3b6f66ca1 avia-font-entypo-fontello avia-iconfont avia-font-entypo-fontello'><span class='av-icon-char' data-av_icon='\ue80a' data-av_iconfont='entypo-fontello' aria-hidden=\"true\"><\/span><\/div><article class=\"article-icon-entry \"  itemscope=\"itemscope\" itemtype=\"https:\/\/schema.org\/CreativeWork\" ><div class=\"iconlist_content_wrap\"><header class=\"entry-content-header\" aria-label=\"Icon: Ansprechpartner\"><h4 class='av_iconlist_title iconlist_title  '  itemprop=\"headline\" >Ansprechpartner<\/h4><\/header><div class='iconlist_content '  itemprop=\"text\" ><p>Jan Endt-Knauer<\/p>\n<div  class='avia-button-wrap av-jysl8h7n-74622585367229820d9bbd0110a65597-wrap avia-button-relative  avia-builder-el-3  el_after_av_hr  el_before_av_button '><a href='mailto:endtknauer@berufskolleg-en.de'  class='avia-button av-jysl8h7n-74622585367229820d9bbd0110a65597 av-link-btn avia-icon_select-yes-left-icon avia-size-small avia-position-relative avia-color-theme-color'   aria-label=\"endtknauer@berufskolleg-en.de\"><span class='avia_button_icon avia_button_icon_left avia-iconfont avia-font-entypo-fontello' data-av_icon='\ue805' data-av_iconfont='entypo-fontello' ><\/span><span class='avia_iconbox_title' >endtknauer@berufskolleg-en.de<\/span><\/a><\/div>\n<p>Bernhard Schepers<\/p>\n<div  class='avia-button-wrap av-jysl8h7n-3-0608eff7cc84e86b3cb709e73c0489dd-wrap avia-button-relative  avia-builder-el-4  el_after_av_button  avia-builder-el-last '><a href='mailto:schepers@berufskolleg-en.de'  class='avia-button av-jysl8h7n-3-0608eff7cc84e86b3cb709e73c0489dd av-link-btn avia-icon_select-yes-left-icon avia-size-small avia-position-relative avia-color-theme-color'   aria-label=\"schepers@berufskolleg-en.de\"><span class='avia_button_icon avia_button_icon_left avia-iconfont avia-font-entypo-fontello' data-av_icon='\ue805' data-av_iconfont='entypo-fontello' ><\/span><span class='avia_iconbox_title' >schepers@berufskolleg-en.de<\/span><\/a><\/div>\n<\/div><\/div><footer class=\"entry-footer\"><\/footer><\/article><div class=\"iconlist-timeline\"><\/div><\/li>\n<\/ul><\/div>\n\n<style type=\"text\/css\" data-created_by=\"avia_inline_auto\" id=\"style-css-av-jysqzau2-7-6fba59f58ff1d61e4b9015ea69f3bc59\">\n#top .avia-icon-list-container.av-jysqzau2-7-6fba59f58ff1d61e4b9015ea69f3bc59 .iconlist_icon{\nfont-size:16px;\n}\n#top .avia-icon-list-container.av-jysqzau2-7-6fba59f58ff1d61e4b9015ea69f3bc59 .iconlist_icon svg:first-child{\nheight:16px;\nwidth:16px;\n}\n#top #wrap_all .avia-icon-list-container.av-jysqzau2-7-6fba59f58ff1d61e4b9015ea69f3bc59 .av_iconlist_title{\nfont-size:16px;\n}\n\n@media only screen and (max-width: 479px){ \n#top #wrap_all .avia-icon-list-container.av-jysqzau2-7-6fba59f58ff1d61e4b9015ea69f3bc59 .av_iconlist_title{\nfont-size:13px;\n}\n}\n<\/style>\n<div  class='avia-icon-list-container av-jysqzau2-7-6fba59f58ff1d61e4b9015ea69f3bc59  avia-builder-el-5  el_after_av_iconlist  avia-builder-el-last  av-desktop-hide av-medium-hide av-small-hide'><ul class='avia-icon-list avia_animate_when_almost_visible avia-icon-list-left av-iconlist-small av-jysqzau2-7-6fba59f58ff1d61e4b9015ea69f3bc59 avia-iconlist-animate'>\n<li><div class='iconlist_icon av-f0eov-6-1df4a135a52a5ee13daa5ded827b6530 avia-font-entypo-fontello avia-iconfont avia-font-entypo-fontello'><span class='av-icon-char' data-av_icon='\ue8d1' data-av_iconfont='entypo-fontello' aria-hidden=\"true\"><\/span><\/div><article class=\"article-icon-entry \"  itemscope=\"itemscope\" itemtype=\"https:\/\/schema.org\/CreativeWork\" ><div class=\"iconlist_content_wrap\"><header class=\"entry-content-header\" aria-label=\"Icon: Aufnahmevoraussetzungen\"><div class='av_iconlist_title iconlist_title_small  '  itemprop=\"headline\" >Aufnahmevoraussetzungen<\/div><\/header><div class='iconlist_content '  itemprop=\"text\" ><div style=\"margin-top: 10px;\">\n<ul>\n<li>Berechtigung zum Besuch der gymnasialen Oberstufe oder<\/li>\n<li>\u00dcbergang vom Gymnasium nach Versetzung in die Einf\u00fchrungsphase<\/li>\n<li>erweitertes polizeiliches F\u00fchrungszeugnis<\/li>\n<li>\u00e4rztliche Bescheinigung \u00fcber die f\u00fcr den Bildungsgang erforderliche Sporttauglichkeit<\/li>\n<li>Schwimmabzeichen Jugend Bronze<\/li>\n<li>Ein Wechsel nach Schuljahresbeginn in den Bildungsgang ist jeweils bis zu den Herbstferien im laufenden Schuljahr m\u00f6glich.<\/li>\n<\/ul>\n<\/div>\n<\/div><\/div><footer class=\"entry-footer\"><\/footer><\/article><div class=\"iconlist-timeline\"><\/div><\/li>\n<li><div class='iconlist_icon av-cqrnb-5-e4e3065ecec78193dc7fe90b5dd3c384 avia-font-entypo-fontello avia-iconfont avia-font-entypo-fontello'><span class='av-icon-char' data-av_icon='\ue8c9' data-av_iconfont='entypo-fontello' aria-hidden=\"true\"><\/span><\/div><article class=\"article-icon-entry \"  itemscope=\"itemscope\" itemtype=\"https:\/\/schema.org\/CreativeWork\" ><div class=\"iconlist_content_wrap\"><header class=\"entry-content-header\" aria-label=\"Icon: Abschlussm\u00f6glichkeiten\"><div class='av_iconlist_title iconlist_title_small  '  itemprop=\"headline\" >Abschlussm\u00f6glichkeiten<\/div><\/header><div class='iconlist_content '  itemprop=\"text\" ><div style=\"margin-top: 10px;\">\n<ul>\n<li>Allgemeine Hochschulreife (Abitur)<\/li>\n<li>Pr\u00fcfung zur Freizeitsportleiterin\/zum Freizeitsportleiter<\/li>\n<li>ggf. \u00dcbungsleiterlizenz<\/li>\n<\/ul>\n<\/div>\n<\/div><\/div><footer class=\"entry-footer\"><\/footer><\/article><div class=\"iconlist-timeline\"><\/div><\/li>\n<li><div class='iconlist_icon av-1cesyf-4-21a032b8dc3da0c68ab995c1075b2b46 avia-font-entypo-fontello avia-iconfont avia-font-entypo-fontello'><span class='av-icon-char' data-av_icon='\ue863' data-av_iconfont='entypo-fontello' aria-hidden=\"true\"><\/span><\/div><article class=\"article-icon-entry \"  itemscope=\"itemscope\" itemtype=\"https:\/\/schema.org\/CreativeWork\" ><div class=\"iconlist_content_wrap\"><header class=\"entry-content-header\" aria-label=\"Icon: Dauer\"><div class='av_iconlist_title iconlist_title_small  '  itemprop=\"headline\" >Dauer<\/div><\/header><div class='iconlist_content '  itemprop=\"text\" ><p>drei Jahre mit integriertem vierw\u00f6chigem Praktikum<\/p>\n<\/div><\/div><footer class=\"entry-footer\"><\/footer><\/article><div class=\"iconlist-timeline\"><\/div><\/li>\n<li><div class='iconlist_icon av-eon2v-7647b1f96f469a813e19f853c7fd7f5d avia-font-entypo-fontello avia-iconfont avia-font-entypo-fontello'><span class='av-icon-char' data-av_icon='\ue84f' data-av_iconfont='entypo-fontello' aria-hidden=\"true\"><\/span><\/div><article class=\"article-icon-entry \"  itemscope=\"itemscope\" itemtype=\"https:\/\/schema.org\/CreativeWork\" ><div class=\"iconlist_content_wrap\"><header class=\"entry-content-header\" aria-label=\"Icon: Unterrichtsf\u00e4cher\"><div class='av_iconlist_title iconlist_title_small  '  itemprop=\"headline\" >Unterrichtsf\u00e4cher<\/div><\/header><div class='iconlist_content '  itemprop=\"text\" ><div style=\"margin-top: 15px;\">\n<p>Berufsbezogener Lernbereich<\/p>\n<ul>\n<li>Sport (Leistungskurs)<\/li>\n<li>Biologie (Leistungskurs)<\/li>\n<li>Erziehungswissenschaften<\/li>\n<li>Didaktik und Methodik<\/li>\n<li>Mathematik<\/li>\n<li>Englisch<\/li>\n<li>Spanisch<\/li>\n<li>Erste Hilfe (11. Klasse)<\/li>\n<li>Ern\u00e4hrungslehre (12. Klasse)<\/li>\n<li>Sportmanagement (13. Klasse)<\/li>\n<\/ul>\n<\/div>\n<div style=\"margin-top: 10px;\">\n<p>Berufs\u00fcbergreifender Lernbereich<\/p>\n<ul>\n<li>Deutsch<\/li>\n<li>Gesellschaftslehre mit Geschichte<\/li>\n<li>Religionslehre<\/li>\n<\/ul>\n<\/div>\n<\/div><\/div><footer class=\"entry-footer\"><\/footer><\/article><div class=\"iconlist-timeline\"><\/div><\/li>\n<li><div class='iconlist_icon av-anlmn-c7418168bc542e71f450e22084939fb5 avia-font-entypo-fontello avia-iconfont avia-font-entypo-fontello'><span class='av-icon-char' data-av_icon='\ue84e' data-av_iconfont='entypo-fontello' aria-hidden=\"true\"><\/span><\/div><article class=\"article-icon-entry \"  itemscope=\"itemscope\" itemtype=\"https:\/\/schema.org\/CreativeWork\" ><div class=\"iconlist_content_wrap\"><header class=\"entry-content-header\" aria-label=\"Icon: Brosch\u00fcre\"><div class='av_iconlist_title iconlist_title_small  '  itemprop=\"headline\" >Brosch\u00fcre<\/div><\/header><div class='iconlist_content '  itemprop=\"text\" ><p>Die Brosch\u00fcre kann <a href=\"https:\/\/berufskolleg-en.de\/wp-content\/uploads\/2025\/09\/Flyer-D17-Berufliches-Gymnasium-fuer-Soziales-und-Gesundheit.pdf\">hier<\/a> als pdf-Datei heruntergeladen werden.<\/p>\n<\/div><\/div><footer class=\"entry-footer\"><\/footer><\/article><div class=\"iconlist-timeline\"><\/div><\/li>\n<li><div class='iconlist_icon av-11tbr-dd0befc7c7584235d765a78c299ecd1c avia-font-entypo-fontello avia-iconfont avia-font-entypo-fontello'><span class='av-icon-char' data-av_icon='\ue80a' data-av_iconfont='entypo-fontello' aria-hidden=\"true\"><\/span><\/div><article class=\"article-icon-entry \"  itemscope=\"itemscope\" itemtype=\"https:\/\/schema.org\/CreativeWork\" ><div class=\"iconlist_content_wrap\"><header class=\"entry-content-header\" aria-label=\"Icon: Ansprechpartner\"><div class='av_iconlist_title iconlist_title_small  '  itemprop=\"headline\" >Ansprechpartner<\/div><\/header><div class='iconlist_content '  itemprop=\"text\" ><p>Jan Endt-Knauer<\/p>\n<div  class='avia-button-wrap av-jysl8h7n-2-843c10b6ae3a22f99fe948952fa4cf4f-wrap avia-button-relative  avia-builder-el-6  el_before_av_button  avia-builder-el-first '><a href='mailto:endtknauer@berufskolleg-en.de'  class='avia-button av-jysl8h7n-2-843c10b6ae3a22f99fe948952fa4cf4f av-link-btn avia-icon_select-yes-left-icon avia-size-small avia-position-relative avia-color-theme-color'   aria-label=\"endtknauer@berufskolleg-en.de\"><span class='avia_button_icon avia_button_icon_left avia-iconfont avia-font-entypo-fontello' data-av_icon='\ue805' data-av_iconfont='entypo-fontello' ><\/span><span class='avia_iconbox_title' >endtknauer@berufskolleg-en.de<\/span><\/a><\/div>\n<p>Bernhard Schepers<\/p>\n<div  class='avia-button-wrap av-jysl8h7n-1-55a4eaf706a1b3c112511e2d2aee3d04-wrap avia-button-relative  avia-builder-el-7  el_after_av_button  avia-builder-el-last '><a href='mailto:schepers@berufskolleg-en.de'  class='avia-button av-jysl8h7n-1-55a4eaf706a1b3c112511e2d2aee3d04 av-link-btn avia-icon_select-yes-left-icon avia-size-small avia-position-relative avia-color-theme-color'   aria-label=\"schepers@berufskolleg-en.de\"><span class='avia_button_icon avia_button_icon_left avia-iconfont avia-font-entypo-fontello' data-av_icon='\ue805' data-av_iconfont='entypo-fontello' ><\/span><span class='avia_iconbox_title' >schepers@berufskolleg-en.de<\/span><\/a><\/div>\n<\/div><\/div><footer class=\"entry-footer\"><\/footer><\/article><div class=\"iconlist-timeline\"><\/div><\/li>\n<\/ul><\/div>\n","protected":false},"excerpt":{"rendered":"","protected":false},"author":1,"featured_media":0,"parent":0,"menu_order":0,"comment_status":"closed","ping_status":"closed","template":"","meta":{"footnotes":""},"class_list":["post-279","page","type-page","status-publish","hentry"],"publishpress_future_action":{"enabled":false,"date":"2026-05-09 10:45:04","action":"change-status","newStatus":"draft","terms":[],"taxonomy":"","extraData":[]},"publishpress_future_workflow_manual_trigger":{"enabledWorkflows":[]},"_links":{"self":[{"href":"https:\/\/berufskolleg-en.de\/index.php?rest_route=\/wp\/v2\/pages\/279","targetHints":{"allow":["GET"]}}],"collection":[{"href":"https:\/\/berufskolleg-en.de\/index.php?rest_route=\/wp\/v2\/pages"}],"about":[{"href":"https:\/\/berufskolleg-en.de\/index.php?rest_route=\/wp\/v2\/types\/page"}],"author":[{"embeddable":true,"href":"https:\/\/berufskolleg-en.de\/index.php?rest_route=\/wp\/v2\/users\/1"}],"replies":[{"embeddable":true,"href":"https:\/\/berufskolleg-en.de\/index.php?rest_route=%2Fwp%2Fv2%2Fcomments&post=279"}],"version-history":[{"count":31,"href":"https:\/\/berufskolleg-en.de\/index.php?rest_route=\/wp\/v2\/pages\/279\/revisions"}],"predecessor-version":[{"id":15209,"href":"https:\/\/berufskolleg-en.de\/index.php?rest_route=\/wp\/v2\/pages\/279\/revisions\/15209"}],"wp:attachment":[{"href":"https:\/\/berufskolleg-en.de\/index.php?rest_route=%2Fwp%2Fv2%2Fmedia&parent=279"}],"curies":[{"name":"wp","href":"https:\/\/api.w.org\/{rel}","templated":true}]}}